{"id":8368,"date":"2025-05-19T22:19:49","date_gmt":"2025-05-19T22:19:49","guid":{"rendered":"https:\/\/camarabaependi.mg.gov.br\/v4\/?page_id=8368"},"modified":"2025-05-22T02:08:44","modified_gmt":"2025-05-22T02:08:44","slug":"funcionamento","status":"publish","type":"page","link":"https:\/\/camarabaependi.mg.gov.br\/v4\/funcionamento\/","title":{"rendered":"Funcionamento"},"content":{"rendered":"<div id=\"tdi_1\" class=\"tdc-row\"><div class=\"vc_row tdi_2  wpb_row td-pb-row\" >\n<style scoped>\n\n\/* custom css *\/\n.tdi_2,\r\n                .tdi_2 .tdc-columns{\r\n                    min-height: 0;\r\n                }.tdi_2,\r\n\t\t\t\t.tdi_2 .tdc-columns{\r\n\t\t\t\t    display: block;\r\n\t\t\t\t}.tdi_2 .tdc-columns{\r\n\t\t\t\t    width: 100%;\r\n\t\t\t\t}\n<\/style><div class=\"vc_column tdi_4  wpb_column vc_column_container tdc-column td-pb-span8\">\n<style scoped>\n\n\/* custom css *\/\n.tdi_4{\r\n                    vertical-align: baseline;\r\n                }.tdi_4 > .wpb_wrapper,\r\n\t\t\t\t.tdi_4 > .wpb_wrapper > .tdc-elements{\r\n\t\t\t\t    display: block;\r\n\t\t\t\t}.tdi_4 > .wpb_wrapper > .tdc-elements{\r\n\t\t\t\t    width: 100%;\r\n\t\t\t\t}.tdi_4 > .wpb_wrapper > .vc_row_inner{\r\n\t\t\t\t    width: auto;\r\n\t\t\t\t}.tdi_4 > .wpb_wrapper{\r\n\t\t\t\t    width: auto;\r\n\t\t\t\t    height: auto;\r\n\t\t\t\t}\n<\/style><div class=\"wpb_wrapper\" >[vc_column_text]\r\n<h6><a href=\"https:\/\/camarabaependi.mg.gov.br\/\">HOME<\/a> &gt; <a href=\"#\">C\u00c2MARA<\/a> &gt; <a href=\"https:\/\/camarabaependi.mg.gov.br\/v4\/funcionamento\/\">FUNCIONAMENTO<\/a><\/h6>\r\n[\/vc_column_text][vc_text_separator title=&#8221;FUNCIONAMENTO&#8221; title_align=&#8221;separator_align_left&#8221; align=&#8221;align_left&#8221;][vc_column_text]De segunda a sexta-feira: 12h \u00e0s 18h[\/vc_column_text]<\/div><\/div><div class=\"vc_column tdi_6  wpb_column vc_column_container tdc-column td-pb-span4\">\n<style scoped>\n\n\/* custom css *\/\n.tdi_6{\r\n                    vertical-align: baseline;\r\n                }.tdi_6 > .wpb_wrapper,\r\n\t\t\t\t.tdi_6 > .wpb_wrapper > .tdc-elements{\r\n\t\t\t\t    display: block;\r\n\t\t\t\t}.tdi_6 > .wpb_wrapper > .tdc-elements{\r\n\t\t\t\t    width: 100%;\r\n\t\t\t\t}.tdi_6 > .wpb_wrapper > .vc_row_inner{\r\n\t\t\t\t    width: auto;\r\n\t\t\t\t}.tdi_6 > .wpb_wrapper{\r\n\t\t\t\t    width: auto;\r\n\t\t\t\t    height: auto;\r\n\t\t\t\t}\n<\/style><div class=\"wpb_wrapper\" ><div class=\"wpb_wrapper td_block_empty_space td_block_wrap vc_empty_space tdi_8 \"  style=\"height: 25px\"><\/div><div class=\"wpb_wrapper td_block_wrap vc_widget_sidebar tdi_10 \" ><aside id=\"block-2\" class=\"td_block_template_1 widget block-2 widget_block widget_rss\"><ul class=\"wp-block-rss\"><li class='wp-block-rss__item'><div class='wp-block-rss__item-title'><a href='https:\/\/g1.globo.com\/mg\/sul-de-minas\/edicao\/2026\/09\/01\/videos-eptv-1-sul-de-minas-de-terca-feira-1-de-setembro-de-2026.ghtml'>V\u00cdDEOS: EPTV 1 Sul de Minas de ter\u00e7a-feira, 1\u00ba de setembro de 2026<\/a><\/div><time datetime=\"\" class=\"wp-block-rss__item-publish-date\">1 de setembro de 2026<\/time> <\/li><li class='wp-block-rss__item'><div class='wp-block-rss__item-title'><a href='https:\/\/g1.globo.com\/mg\/sul-de-minas\/eleicoes\/2026\/noticia\/2026\/09\/01\/entrevista-cleitinho-azevedo-republicanos-candidato-ao-governo-de-mg-ao-eptv-1.ghtml'>Cleitinho defende reforma administrativa, revis\u00e3o de isen\u00e7\u00f5es e c\u00e2meras para agentes p\u00fablicos em entrevista \u00e0 EPTV<\/a><\/div><time datetime=\"\" class=\"wp-block-rss__item-publish-date\">1 de setembro de 2026<\/time> <\/li><li class='wp-block-rss__item'><div class='wp-block-rss__item-title'><a href='https:\/\/g1.globo.com\/mg\/sul-de-minas\/noticia\/2026\/09\/01\/chuvas-sul-de-minas.ghtml'>Fortes chuvas causam estragos e deixam fam\u00edlias desalojadas no Sul de MG<\/a><\/div><time datetime=\"\" class=\"wp-block-rss__item-publish-date\">1 de setembro de 2026<\/time> <\/li><li class='wp-block-rss__item'><div class='wp-block-rss__item-title'><a href='https:\/\/g1.globo.com\/mg\/sul-de-minas\/eleicoes\/2026\/ao-vivo\/entrevistas-candidatos-ao-governo-de-minas-gerais.ghtml'>EPTV 1 entrevista Cleitinho Azevedo (Republicanos), candidato ao governo de Minas Gerais<\/a><\/div><time datetime=\"\" class=\"wp-block-rss__item-publish-date\">1 de setembro de 2026<\/time> <\/li><li class='wp-block-rss__item'><div class='wp-block-rss__item-title'><a href='https:\/\/g1.globo.com\/mg\/sul-de-minas\/noticia\/2026\/09\/01\/moradores-relatam-medo-durante-temporal-com-ventos-em-varginha-mg.ghtml'>&#039;Sensa\u00e7\u00e3o de morte&#039;, &#039;pensei que ia desabar&#039;: moradores relatam medo durante temporal com ventos de 110 km\/h em MG<\/a><\/div><time datetime=\"\" class=\"wp-block-rss__item-publish-date\">1 de setembro de 2026<\/time> <\/li><li class='wp-block-rss__item'><div class='wp-block-rss__item-title'><a href='https:\/\/g1.globo.com\/mg\/sul-de-minas\/noticia\/2026\/09\/01\/temporal-em-varginha-pode-ter-sido-provocado-por-microexplosao-diz-meteorologista-do-inmet.ghtml'>Temporal em Varginha pode ter sido provocado por microexplos\u00e3o atmosf\u00e9rica, diz meteorologista do Inmet<\/a><\/div><time datetime=\"\" class=\"wp-block-rss__item-publish-date\">1 de setembro de 2026<\/time> <\/li><\/ul><\/aside><\/div><\/div><\/div><\/div><\/div>","protected":false},"excerpt":{"rendered":"\/* custom css *\/ .tdi_12, .tdi_12 .tdc-columns{ min-height: 0; }.tdi_12, .tdi_12 .tdc-columns{ display: block; }.tdi_12 .tdc-columns{ width: 100%; } \/* custom css *\/ .tdi_14{ vertical-align: baseline; }.tdi_14 > .wpb_wrapper, .tdi_14 > .wpb_wrapper > .tdc-elements{ display: block; }.tdi_14 > .wpb_wrapper > .tdc-elements{ width: 100%; }.tdi_14 > .wpb_wrapper > .vc_row_inner{ width: auto; }.tdi_14 > .wpb_wrapper{ width: auto; [...]","protected":false},"author":1,"featured_media":0,"parent":0,"menu_order":0,"comment_status":"closed","ping_status":"closed","template":"","meta":[],"_links":{"self":[{"href":"https:\/\/camarabaependi.mg.gov.br\/v4\/wp-json\/wp\/v2\/pages\/8368"}],"collection":[{"href":"https:\/\/camarabaependi.mg.gov.br\/v4\/wp-json\/wp\/v2\/pages"}],"about":[{"href":"https:\/\/camarabaependi.mg.gov.br\/v4\/wp-json\/wp\/v2\/types\/page"}],"author":[{"embeddable":true,"href":"https:\/\/camarabaependi.mg.gov.br\/v4\/wp-json\/wp\/v2\/users\/1"}],"replies":[{"embeddable":true,"href":"https:\/\/camarabaependi.mg.gov.br\/v4\/wp-json\/wp\/v2\/comments?post=8368"}],"version-history":[{"count":7,"href":"https:\/\/camarabaependi.mg.gov.br\/v4\/wp-json\/wp\/v2\/pages\/8368\/revisions"}],"predecessor-version":[{"id":8386,"href":"https:\/\/camarabaependi.mg.gov.br\/v4\/wp-json\/wp\/v2\/pages\/8368\/revisions\/8386"}],"wp:attachment":[{"href":"https:\/\/camarabaependi.mg.gov.br\/v4\/wp-json\/wp\/v2\/media?parent=8368"}],"curies":[{"name":"wp","href":"https:\/\/api.w.org\/{rel}","templated":true}]}}